{"id":535,"date":"2022-01-01T13:24:23","date_gmt":"2022-01-01T12:24:23","guid":{"rendered":"https:\/\/www.svejkmuseum.cz\/wp\/?page_id=535"},"modified":"2025-12-27T01:03:38","modified_gmt":"2025-12-27T00:03:38","slug":"uvodem","status":"publish","type":"page","link":"https:\/\/www.svejkmuseum.cz\/wp\/","title":{"rendered":"\u00daVODEM"},"content":{"rendered":"<p>V\u00e1\u017een\u00ed p\u0159\u00e1tel\u00e9,<\/p>\n<p>Ke ka\u017ed\u00e9mu p\u0159\u00edsp\u011bvku a na str\u00e1nce <strong><a href=\"https:\/\/www.svejkmuseum.cz\/wp\/domu\/\">F\u00f3rum<\/a><\/strong> m\u016f\u017eete uv\u00e1d\u011bt sv\u00e9 koment\u00e1\u0159e, p\u0159ipom\u00ednky na t\u00e9ma <strong>Virtu\u00e1ln\u00ed muzeum Jaroslav Ha\u0161ka a Josefa \u0160vejka<\/strong>, v\u00e9st k tomuto t\u00e9matu diskuzi s ostatn\u00edmi, upozornit na novinky co vyb\u00e1dali ha\u0161kologov\u00e9, \u0161vejkologov\u00e9, i ostatn\u00ed badatel\u00e9. Upozorn\u011bte a pozv\u011bte ostatn\u00ed na kon\u00e1n\u00ed r\u016fzn\u00fdch spole\u010densk\u00fdch akc\u00ed kolem Ha\u0161ka a \u0160vejka&#8230;. Sta\u010d\u00ed jen uv\u00e9st V\u00e1mi zvolen\u00e9 jm\u00e9no a e-mailovou adresu (ta se zobraz\u00ed jen administr\u00e1torovi).\u00a0 Koment\u00e1\u0159e jsou zve\u0159ej\u0148ov\u00e1ny automaticky, bez odsouhlasen\u00ed administr\u00e1torem. <strong>V koment\u00e1\u0159i m\u016f\u017ee b\u00fdt jen jeden URL odkaz na jin\u00e9 str\u00e1nky.<\/strong> Je to prevence proti spamu a koment\u00e1\u0159e s v\u00edce odkazy jsou automaticky maz\u00e1ny. <strong>Nepou\u017e\u00edvejte p\u0159ihla\u0161ovac\u00ed jm\u00e9na Admin,\u00a0 Anonym<\/strong>, ani jejich varianty s r\u016fznou velikost\u00ed p\u00edsmen ani varianty, kde slovn\u00edm z\u00e1kladem je pr\u00e1v\u011b admin nebo anonym.\u00a0<\/p>\n<p>Pokud c\u00edt\u00edte pot\u0159ebu publikovat sv\u00e9 pr\u00e1ce v\u011bt\u0161\u00edho rozsahu je lep\u0161\u00ed vlo\u017eit <strong><a href=\"http:\/\/www.svejkmuseum.cz\/wp\/wp-admin\/post-new.php\">p\u0159\u00edsp\u011bvek<\/a><\/strong>, kter\u00fd V\u00e1m umo\u017en\u00ed vkl\u00e1dat obr\u00e1zky, videa, vyu\u017e\u00edt Shortk\u00f3dy apod.\u00a0 Sta\u010d\u00ed jen napsat koment\u00e1\u0159 ve <strong><a href=\"https:\/\/www.svejkmuseum.cz\/wp\/domu\/\">F\u00f3ru<\/a><\/strong> (nap\u0159.&#8220;Tou\u017e\u00edm napsat p\u0159\u00edsp\u011bvek&#8220;) a j\u00e1 V\u00e1m co nejd\u0159\u00edve po\u0161lu p\u0159ihla\u0161ovac\u00ed \u00fadaje s t\u00edm, \u017ee p\u0159ihla\u0161ovac\u00ed jm\u00e9no bude stejn\u00e9 jako na koment\u00e1\u0159i. Jako spolupracovn\u00edk na \u00farovni redaktora m\u016f\u017eete tvo\u0159it nov\u00e9 p\u0159\u00edsp\u011bvky zam\u011b\u0159en\u00e9 na t\u00e9ma Jaroslav Ha\u0161ek, jeho \u017eivot a d\u00edlo. Nen\u00ed to v\u0161ak podm\u00ednkou. M\u016f\u017eete se tady liter\u00e1rn\u011b vy\u0159\u00e1dit na jak\u00fdkoliv n\u00e1m\u011bt. Samoz\u0159ejm\u011b ka\u017ed\u00fd p\u0159\u00edsp\u011bvek kontroluje \u0161\u00e9fredaktor, kter\u00fd spoluodpov\u00edd\u00e1 za obsah p\u0159\u00edsp\u011bvk\u016f i koment\u00e1\u0159\u016f.\u00a0<\/p>\n<p><strong><a href=\"http:\/\/www.svejkmuseum.cz\/wp\/eticky-kodex\/\" data-rich-text-format-boundary=\"true\">Dodr\u017eujte Etick\u00fd kodex<\/a><\/strong>\u00a0 \u00a0\u00a0<a href=\"https:\/\/www.wpmax.cz\/zrizeni-a-sprava-uzivatelu-ve-wordpress\/\"><strong>Pr\u00e1va u\u017eivatel\u016f ve WP<\/strong><\/a> \u00a0\u00a0 <strong><a href=\"https:\/\/www.svejkmuseum.cz\/wp\/ochrana-osobnich-udaju\/\">Ochrana osobn\u00edch dat<\/a><\/strong><\/p>\n<p><strong><a href=\"https:\/\/www.svejkmuseum.cz\/wp\/reklamace\/\">Reklamace a vr\u00e1cen\u00ed zbo\u017e\u00ed<\/a><\/strong><\/p>\n\n\n<p><\/p>\n\n\n\n<p><\/p>\n\n\n\n<p><\/p>\n\n\n\n<p><\/p>\n\n\n\n<p><\/p>\n\n\n\n<p><\/p>\n","protected":false},"excerpt":{"rendered":"<p>V\u00e1\u017een\u00ed p\u0159\u00e1tel\u00e9, Ke ka\u017ed\u00e9mu p\u0159\u00edsp\u011bvku a na str\u00e1nce F\u00f3rum m\u016f\u017eete uv\u00e1d\u011bt sv\u00e9 koment\u00e1\u0159e, p\u0159ipom\u00ednky na t\u00e9ma Virtu\u00e1ln\u00ed muzeum Jaroslav Ha\u0161ka a Josefa \u0160vejka, v\u00e9st k tomuto t\u00e9matu diskuzi s ostatn\u00edmi, upozornit na novinky co vyb\u00e1dali ha\u0161kologov\u00e9, \u0161vejkologov\u00e9, i ostatn\u00ed badatel\u00e9. Upozorn\u011bte a pozv\u011bte ostatn\u00ed na kon\u00e1n\u00ed r\u016fzn\u00fdch spole\u010densk\u00fdch akc\u00ed kolem Ha\u0161ka a \u0160vejka&#8230;. Sta\u010d\u00ed jen &hellip;<br \/><a href=\"https:\/\/www.svejkmuseum.cz\/wp\/\" class=\"more-link pen_button pen_element_default pen_icon_arrow_double\">Pokra\u010dovat ve\u00a0\u010dten\u00ed <span class=\"screen-reader-text\">\u00daVODEM<\/span><\/a><\/p>\n","protected":false},"author":1,"featured_media":0,"parent":0,"menu_order":0,"comment_status":"closed","ping_status":"closed","template":"","meta":{"footnotes":""},"folder":[],"class_list":["post-535","page","type-page","status-publish","hentry"],"jetpack-related-posts":[{"id":3,"url":"https:\/\/www.svejkmuseum.cz\/wp\/ochrana-osobnich-udaju\/","url_meta":{"origin":535,"position":0},"title":"Z\u00c1SADY OCHRANY OSOBN\u00cdCH \u00daDAJ\u016e","author":"Jaroslav \u0160er\u00e1k","date":"23. 5. 2019","format":false,"excerpt":"Kdo jsem Jsem Jaroslav \u0160er\u00e1k, spr\u00e1vce Virtu\u00e1ln\u00edho muzea Jaroslava Ha\u0161ka & Josefa \u0160vejka;\u00a0 webov\u00e1 adresa je: http:\/\/www.svejkmuseum.cz\/wp. Kontaktovat m\u011b m\u016f\u017eete na adrese postmaster@svejkmuseum.cz. Jak\u00e9 shroma\u017e\u010fuji osobn\u00ed \u00fadaje a pro\u010d je shroma\u017e\u010fuji Koment\u00e1\u0159e Kdy\u017e n\u00e1v\u0161t\u011bvn\u00edci p\u0159idaj\u00ed koment\u00e1\u0159 na tento web, jsou shroma\u017e\u010fov\u00e1ny \u00fadaje zobrazen\u00e9 ve formul\u00e1\u0159i pro koment\u00e1\u0159, d\u00e1le IP adresa\u2026","rel":"","context":"Podobn\u00fd p\u0159\u00edsp\u011bvek","block_context":{"text":"Podobn\u00fd p\u0159\u00edsp\u011bvek","link":""},"img":{"alt_text":"","src":"","width":0,"height":0},"classes":[]},{"id":44,"url":"https:\/\/www.svejkmuseum.cz\/wp\/uvodem\/eticky-kodex\/","url_meta":{"origin":535,"position":1},"title":"ETICK\u00dd KODEX","author":"Jaroslav \u0160er\u00e1k","date":"24. 5. 2019","format":false,"excerpt":"V\u00e1\u017een\u00ed p\u0159isp\u011bvatel\u00e9 do t\u011bchto str\u00e1nek, dodr\u017eujme, pros\u00edm tento Etick\u00fd kodex. N\u011bkter\u00e9 body jsou p\u0159evzaty z Etick\u00e9ho kodexu Syndik\u00e1tu novin\u00e1\u0159\u016f \u010cR Zve\u0159ej\u0148ujte jen informace, jejich\u017e p\u016fvod je zn\u00e1m. Neodchylujte se v\u011bcn\u011b od pravdy ani v koment\u00e1\u0159i z d\u016fvodu zaujatosti. Nep\u0159ipus\u0165te, aby domn\u011bnka byla vyd\u00e1v\u00e1na za ov\u011b\u0159en\u00fd fakt a zpr\u00e1vy byly deformov\u00e1ny\u2026","rel":"","context":"Podobn\u00fd p\u0159\u00edsp\u011bvek","block_context":{"text":"Podobn\u00fd p\u0159\u00edsp\u011bvek","link":""},"img":{"alt_text":"","src":"","width":0,"height":0},"classes":[]},{"id":17,"url":"https:\/\/www.svejkmuseum.cz\/wp\/domu\/","url_meta":{"origin":535,"position":2},"title":"F\u00d3RUM","author":"Jaroslav \u0160er\u00e1k","date":"23. 5. 2019","format":false,"excerpt":"Tady je prostor pro va\u0161e koment\u00e1\u0159e, dotazy, diskuzi, n\u00e1m\u011bty, zkr\u00e1tka v\u0161e co m\u00e1te na srdci kolem tohoto muzea. Komentovat m\u016f\u017eete i jednotliv\u00e9 p\u0159\u00edsp\u011bvky.","rel":"","context":"S 41 koment\u00e1\u0159i","block_context":{"text":"S 41 koment\u00e1\u0159i","link":"https:\/\/www.svejkmuseum.cz\/wp\/domu\/#comments"},"img":{"alt_text":"","src":"","width":0,"height":0},"classes":[]},{"id":2859,"url":"https:\/\/www.svejkmuseum.cz\/wp\/patrame-hledame\/","url_meta":{"origin":535,"position":3},"title":"\ud83d\ude25P\u00e1tr\u00e1me &#8211; hled\u00e1me","author":"Jaroslav \u0160er\u00e1k","date":"21. 4. 2023","format":false,"excerpt":"Tady naleznete po \u010dem ve Virtu\u00e1ln\u00edm muzeu J.H. & J.\u0160. p\u00e1tr\u00e1me. Hlavn\u011b to te\u010f budou r\u016fzn\u00e9 pr\u00e1ce, kter\u00e9 se sice v bibliografii vyskytuj\u00ed, ale dosud nebyly publikov\u00e1ny nebo sice kdysi publikov\u00e1ny byly, ale jsou z n\u011bjak\u00e9ho d\u016fvodu nedostupn\u00e9. Je docela mo\u017en\u00e9, \u017ee n\u011bkdo z V\u00e1s to m\u00e1 k dispozici. Mo\u017en\u00e1\u2026","rel":"","context":"S 1 koment\u00e1\u0159em","block_context":{"text":"S 1 koment\u00e1\u0159em","link":"https:\/\/www.svejkmuseum.cz\/wp\/patrame-hledame\/#comments"},"img":{"alt_text":"","src":"https:\/\/i0.wp.com\/www.svejkmuseum.cz\/wp\/wp-content\/uploads\/2025\/03\/create-a-highly-detailed-and-sharp-focused-image-that-symbolizes-a.png?resize=350%2C200&ssl=1","width":350,"height":200,"srcset":"https:\/\/i0.wp.com\/www.svejkmuseum.cz\/wp\/wp-content\/uploads\/2025\/03\/create-a-highly-detailed-and-sharp-focused-image-that-symbolizes-a.png?resize=350%2C200&ssl=1 1x, https:\/\/i0.wp.com\/www.svejkmuseum.cz\/wp\/wp-content\/uploads\/2025\/03\/create-a-highly-detailed-and-sharp-focused-image-that-symbolizes-a.png?resize=525%2C300&ssl=1 1.5x, https:\/\/i0.wp.com\/www.svejkmuseum.cz\/wp\/wp-content\/uploads\/2025\/03\/create-a-highly-detailed-and-sharp-focused-image-that-symbolizes-a.png?resize=700%2C400&ssl=1 2x"},"classes":[]},{"id":192,"url":"https:\/\/www.svejkmuseum.cz\/wp\/literarni-fond-jaroslava-haska\/","url_meta":{"origin":535,"position":4},"title":"Fond Jaroslav Ha\u0161ek","author":"Jaroslav \u0160er\u00e1k","date":"9. 7. 2019","format":false,"excerpt":"V Pam\u00e1tn\u00edku n\u00e1rodn\u00edho p\u00edsemnictv\u00ed je digitalizov\u00e1n liter\u00e1rn\u00ed fond Jaroslava Ha\u0161ka. Tak si to m\u016f\u017eete prohl\u00e9dnout i zde: http:\/\/www.badatelna.eu\/fond\/181565\/inventar\/ \u00a0 \u00a0","rel":"","context":"Podobn\u00fd p\u0159\u00edsp\u011bvek","block_context":{"text":"Podobn\u00fd p\u0159\u00edsp\u011bvek","link":""},"img":{"alt_text":"","src":"","width":0,"height":0},"classes":[]},{"id":583,"url":"https:\/\/www.svejkmuseum.cz\/wp\/uvodem\/domovska-stranka\/","url_meta":{"origin":535,"position":5},"title":"NAB\u00cdDKA KNIH","author":"Jaroslav \u0160er\u00e1k","date":"5. 1. 2022","format":false,"excerpt":"Vlastn\u00edm hromadu knih, kter\u00e9 m\u00e1m v n\u011bkolika exempl\u00e1\u0159\u00edch nebo knih, kter\u00e9 jsem kdysi pot\u0159eboval a dnes jsou mn\u011b k ni\u010demu a n\u011bkomu naopak sch\u00e1z\u00ed. Proto je zde chci nab\u00eddnout za p\u0159ijatelnou cenu. Z\u00e1rove\u0148 ale z toho nechci ud\u011blat skute\u010dn\u00e9 knihkupectv\u00ed. Nab\u00edz\u00edm jen knihy, kter\u00e9 vlastn\u00edm. Jaroslav \u0160er\u00e1k K n\u00e1kupu Ko\u0161\u00edk\u2026","rel":"","context":"Podobn\u00fd p\u0159\u00edsp\u011bvek","block_context":{"text":"Podobn\u00fd p\u0159\u00edsp\u011bvek","link":""},"img":{"alt_text":"","src":"","width":0,"height":0},"classes":[]}],"jetpack_sharing_enabled":true,"_links":{"self":[{"href":"https:\/\/www.svejkmuseum.cz\/wp\/wp-json\/wp\/v2\/pages\/535","targetHints":{"allow":["GET"]}}],"collection":[{"href":"https:\/\/www.svejkmuseum.cz\/wp\/wp-json\/wp\/v2\/pages"}],"about":[{"href":"https:\/\/www.svejkmuseum.cz\/wp\/wp-json\/wp\/v2\/types\/page"}],"author":[{"embeddable":true,"href":"https:\/\/www.svejkmuseum.cz\/wp\/wp-json\/wp\/v2\/users\/1"}],"replies":[{"embeddable":true,"href":"https:\/\/www.svejkmuseum.cz\/wp\/wp-json\/wp\/v2\/comments?post=535"}],"version-history":[{"count":13,"href":"https:\/\/www.svejkmuseum.cz\/wp\/wp-json\/wp\/v2\/pages\/535\/revisions"}],"predecessor-version":[{"id":3532,"href":"https:\/\/www.svejkmuseum.cz\/wp\/wp-json\/wp\/v2\/pages\/535\/revisions\/3532"}],"wp:attachment":[{"href":"https:\/\/www.svejkmuseum.cz\/wp\/wp-json\/wp\/v2\/media?parent=535"}],"wp:term":[{"taxonomy":"folder","embeddable":true,"href":"https:\/\/www.svejkmuseum.cz\/wp\/wp-json\/wp\/v2\/folder?post=535"}],"curies":[{"name":"wp","href":"https:\/\/api.w.org\/{rel}","templated":true}]}}